{"id":1175,"date":"2025-12-29T15:22:47","date_gmt":"2025-12-29T18:22:47","guid":{"rendered":"https:\/\/derecho.face.ubiobio.cl\/?page_id=1175"},"modified":"2026-01-21T12:38:38","modified_gmt":"2026-01-21T15:38:38","slug":"sobre-la-escuela","status":"publish","type":"page","link":"https:\/\/derecho.face.ubiobio.cl\/?page_id=1175","title":{"rendered":"Sobre la Escuela"},"content":{"rendered":"\t\t<div data-elementor-type=\"wp-page\" data-elementor-id=\"1175\" class=\"elementor elementor-1175\" data-elementor-post-type=\"page\">\n\t\t\t\t<div data-particle_enable=\"false\" data-particle-mobile-disabled=\"false\" class=\"elementor-element elementor-element-0519b6c e-flex e-con-boxed e-con e-parent\" data-id=\"0519b6c\" data-element_type=\"container\" data-settings=\"{&quot;background_background&quot;:&quot;classic&quot;}\">\n\t\t\t\t\t<div class=\"e-con-inner\">\n\t\t\t\t<div class=\"elementor-element elementor-element-061a526 elementor-invisible elementor-widget elementor-widget-heading\" data-id=\"061a526\" data-element_type=\"widget\" data-settings=\"{&quot;_animation&quot;:&quot;fadeInRight&quot;}\" data-widget_type=\"heading.default\">\n\t\t\t\t\t<h2 class=\"elementor-heading-title elementor-size-default\">SOBRE LA ESCUELA<\/h2>\t\t\t\t<\/div>\n\t\t\t\t\t<\/div>\n\t\t\t\t<\/div>\n\t\t<div data-particle_enable=\"false\" data-particle-mobile-disabled=\"false\" class=\"elementor-element elementor-element-f05bfbe e-flex e-con-boxed e-con e-parent\" data-id=\"f05bfbe\" data-element_type=\"container\">\n\t\t\t\t\t<div class=\"e-con-inner\">\n\t\t\t\t<div class=\"elementor-element elementor-element-ec63035 elementor-widget elementor-widget-eael-breadcrumbs\" data-id=\"ec63035\" data-element_type=\"widget\" data-widget_type=\"eael-breadcrumbs.default\">\n\t\t\t\t<div class=\"elementor-widget-container\">\n\t\t\t\t\t\t\t<div class=\"eael-breadcrumbs\">\n\t\t\t<div class=\"eael-breadcrumbs__content\"><a href=\"https:\/\/derecho.face.ubiobio.cl\">Inicio<\/a> <span class=\"eael-breadcrumb-separator\">\/<\/span> <span class = \"eael-current\">P\u00e1gina<\/span><\/div>\t\t<\/div>\n\t\t\t\t\t\t<\/div>\n\t\t\t\t<\/div>\n\t\t\t\t<div class=\"elementor-element elementor-element-8b22686 elementor-widget-divider--view-line elementor-widget elementor-widget-divider\" data-id=\"8b22686\" data-element_type=\"widget\" data-widget_type=\"divider.default\">\n\t\t\t\t\t\t\t<div class=\"elementor-divider\">\n\t\t\t<span class=\"elementor-divider-separator\">\n\t\t\t\t\t\t<\/span>\n\t\t<\/div>\n\t\t\t\t\t\t<\/div>\n\t\t\t\t\t<\/div>\n\t\t\t\t<\/div>\n\t\t<div data-particle_enable=\"false\" data-particle-mobile-disabled=\"false\" class=\"elementor-element elementor-element-5803dd1 e-flex e-con-boxed e-con e-parent\" data-id=\"5803dd1\" data-element_type=\"container\" data-settings=\"{&quot;background_background&quot;:&quot;classic&quot;}\">\n\t\t\t\t\t<div class=\"e-con-inner\">\n\t\t<div data-particle_enable=\"false\" data-particle-mobile-disabled=\"false\" class=\"elementor-element elementor-element-8ff7c35 e-con-full e-flex e-con e-child\" data-id=\"8ff7c35\" data-element_type=\"container\" data-settings=\"{&quot;background_background&quot;:&quot;classic&quot;}\">\n\t\t\t\t<div class=\"elementor-element elementor-element-0587671 elementor-align-justify elementor-widget elementor-widget-button\" data-id=\"0587671\" data-element_type=\"widget\" data-widget_type=\"button.default\">\n\t\t\t\t\t\t\t\t\t\t<a class=\"elementor-button elementor-button-link elementor-size-sm\" href=\"https:\/\/derecho.face.ubiobio.cl\/?page_id=1175\">\n\t\t\t\t\t\t<span class=\"elementor-button-content-wrapper\">\n\t\t\t\t\t\t\t\t\t<span class=\"elementor-button-text\">Sobre la Escuela<\/span>\n\t\t\t\t\t<\/span>\n\t\t\t\t\t<\/a>\n\t\t\t\t\t\t\t\t<\/div>\n\t\t\t\t<div class=\"elementor-element elementor-element-cce8923 elementor-align-justify elementor-widget elementor-widget-button\" data-id=\"cce8923\" data-element_type=\"widget\" data-widget_type=\"button.default\">\n\t\t\t\t\t\t\t\t\t\t<a class=\"elementor-button elementor-button-link elementor-size-sm\" href=\"https:\/\/derecho.face.ubiobio.cl\/?page_id=383\">\n\t\t\t\t\t\t<span class=\"elementor-button-content-wrapper\">\n\t\t\t\t\t\t\t\t\t<span class=\"elementor-button-text\">Misi\u00f3n y Visi\u00f3n<\/span>\n\t\t\t\t\t<\/span>\n\t\t\t\t\t<\/a>\n\t\t\t\t\t\t\t\t<\/div>\n\t\t\t\t<div class=\"elementor-element elementor-element-63639f3 elementor-align-justify elementor-widget elementor-widget-button\" data-id=\"63639f3\" data-element_type=\"widget\" data-widget_type=\"button.default\">\n\t\t\t\t\t\t\t\t\t\t<a class=\"elementor-button elementor-button-link elementor-size-sm\" href=\"https:\/\/derecho.face.ubiobio.cl\/?page_id=540\">\n\t\t\t\t\t\t<span class=\"elementor-button-content-wrapper\">\n\t\t\t\t\t\t\t\t\t<span class=\"elementor-button-text\">Personas<\/span>\n\t\t\t\t\t<\/span>\n\t\t\t\t\t<\/a>\n\t\t\t\t\t\t\t\t<\/div>\n\t\t\t\t<\/div>\n\t\t<div data-particle_enable=\"false\" data-particle-mobile-disabled=\"false\" class=\"elementor-element elementor-element-d45bb50 e-con-full e-flex e-con e-child\" data-id=\"d45bb50\" data-element_type=\"container\" data-settings=\"{&quot;background_background&quot;:&quot;classic&quot;}\">\n\t\t\t\t<div class=\"elementor-element elementor-element-46d793e elementor-widget elementor-widget-image\" data-id=\"46d793e\" data-element_type=\"widget\" data-widget_type=\"image.default\">\n\t\t\t\t\t\t\t\t\t\t\t\t\t\t\t<img fetchpriority=\"high\" decoding=\"async\" width=\"800\" height=\"534\" src=\"https:\/\/derecho.face.ubiobio.cl\/wp-content\/uploads\/2025\/12\/sobre-la-escuela-1024x684.jpg\" class=\"attachment-large size-large wp-image-1184\" alt=\"\" srcset=\"https:\/\/derecho.face.ubiobio.cl\/wp-content\/uploads\/2025\/12\/sobre-la-escuela-1024x684.jpg 1024w, https:\/\/derecho.face.ubiobio.cl\/wp-content\/uploads\/2025\/12\/sobre-la-escuela-300x201.jpg 300w, https:\/\/derecho.face.ubiobio.cl\/wp-content\/uploads\/2025\/12\/sobre-la-escuela-768x513.jpg 768w, https:\/\/derecho.face.ubiobio.cl\/wp-content\/uploads\/2025\/12\/sobre-la-escuela.jpg 1125w\" sizes=\"(max-width: 800px) 100vw, 800px\" \/>\t\t\t\t\t\t\t\t\t\t\t\t\t\t\t<\/div>\n\t\t\t\t<div class=\"elementor-element elementor-element-1e71917 elementor-widget-divider--view-line elementor-widget elementor-widget-divider\" data-id=\"1e71917\" data-element_type=\"widget\" data-widget_type=\"divider.default\">\n\t\t\t\t\t\t\t<div class=\"elementor-divider\">\n\t\t\t<span class=\"elementor-divider-separator\">\n\t\t\t\t\t\t<\/span>\n\t\t<\/div>\n\t\t\t\t\t\t<\/div>\n\t\t\t\t<div class=\"elementor-element elementor-element-4a1ad91 elementor-widget elementor-widget-text-editor\" data-id=\"4a1ad91\" data-element_type=\"widget\" data-widget_type=\"text-editor.default\">\n\t\t\t\t\t\t\t\t\t<p><strong>La Escuela de Derecho de la Universidad del B\u00edo-B\u00edo<\/strong> es una unidad acad\u00e9mica p\u00fablica, estatal y birregional, reconocida a nivel nacional e internacional por su compromiso con la formaci\u00f3n jur\u00eddica de excelencia. Su proyecto educativo se sustenta en una ense\u00f1anza s\u00f3lida e innovadora de las disciplinas fundamentales del Derecho \u2014Constitucional, Civil, Procesal, Penal y Administrativo\u2014 desarrolladas desde un enfoque experiencial, pluralista e interdisciplinario. Esta formaci\u00f3n integra de manera coherente saberes provenientes de la econom\u00eda, la administraci\u00f3n y las tecnolog\u00edas de la informaci\u00f3n, con el prop\u00f3sito de fortalecer competencias de litigaci\u00f3n, asesor\u00eda jur\u00eddica y defensa de los derechos de las personas, promoviendo una actuaci\u00f3n profesional responsable, \u00e9tica y socialmente comprometida.<\/p><p>Con una clara vocaci\u00f3n p\u00fablica y regional, la Escuela de Derecho orienta su quehacer desde una perspectiva cr\u00edtica y pr\u00e1ctica, situada en el contexto del sur global y atenta a los desaf\u00edos del mundo contempor\u00e1neo. Su misi\u00f3n es formar abogadas y abogados con excelencia te\u00f3rico-pr\u00e1ctica y esp\u00edritu cr\u00edtico, capaces de incidir activamente en la transformaci\u00f3n de la sociedad, respetando y promoviendo los derechos humanos, la equidad, la diversidad y la inclusi\u00f3n, en coherencia con los valores p\u00fablicos que inspiran a la Universidad del B\u00edo-B\u00edo.<\/p><p>\u00a0<\/p>\t\t\t\t\t\t\t\t<\/div>\n\t\t\t\t<div class=\"elementor-element elementor-element-3929497 elementor-widget-divider--view-line elementor-widget elementor-widget-divider\" data-id=\"3929497\" data-element_type=\"widget\" data-widget_type=\"divider.default\">\n\t\t\t\t\t\t\t<div class=\"elementor-divider\">\n\t\t\t<span class=\"elementor-divider-separator\">\n\t\t\t\t\t\t<\/span>\n\t\t<\/div>\n\t\t\t\t\t\t<\/div>\n\t\t\t\t<\/div>\n\t\t\t\t\t<\/div>\n\t\t\t\t<\/div>\n\t\t\t\t<\/div>\n\t\t","protected":false},"excerpt":{"rendered":"<p>SOBRE LA ESCUELA Inicio \/ P\u00e1gina Sobre la Escuela Misi\u00f3n y Visi\u00f3n Personas La Escuela de Derecho de la Universidad del B\u00edo-B\u00edo es una unidad acad\u00e9mica p\u00fablica, estatal y birregional, reconocida a nivel nacional e internacional por su compromiso con la formaci\u00f3n jur\u00eddica de excelencia. Su proyecto educativo se sustenta en una ense\u00f1anza s\u00f3lida e [&hellip;]<\/p>\n","protected":false},"author":1,"featured_media":0,"parent":0,"menu_order":0,"comment_status":"closed","ping_status":"closed","template":"","meta":{"footnotes":""},"class_list":["post-1175","page","type-page","status-publish","hentry"],"_links":{"self":[{"href":"https:\/\/derecho.face.ubiobio.cl\/index.php?rest_route=\/wp\/v2\/pages\/1175","targetHints":{"allow":["GET"]}}],"collection":[{"href":"https:\/\/derecho.face.ubiobio.cl\/index.php?rest_route=\/wp\/v2\/pages"}],"about":[{"href":"https:\/\/derecho.face.ubiobio.cl\/index.php?rest_route=\/wp\/v2\/types\/page"}],"author":[{"embeddable":true,"href":"https:\/\/derecho.face.ubiobio.cl\/index.php?rest_route=\/wp\/v2\/users\/1"}],"replies":[{"embeddable":true,"href":"https:\/\/derecho.face.ubiobio.cl\/index.php?rest_route=%2Fwp%2Fv2%2Fcomments&post=1175"}],"version-history":[{"count":40,"href":"https:\/\/derecho.face.ubiobio.cl\/index.php?rest_route=\/wp\/v2\/pages\/1175\/revisions"}],"predecessor-version":[{"id":1742,"href":"https:\/\/derecho.face.ubiobio.cl\/index.php?rest_route=\/wp\/v2\/pages\/1175\/revisions\/1742"}],"wp:attachment":[{"href":"https:\/\/derecho.face.ubiobio.cl\/index.php?rest_route=%2Fwp%2Fv2%2Fmedia&parent=1175"}],"curies":[{"name":"wp","href":"https:\/\/api.w.org\/{rel}","templated":true}]}}