{"id":680,"date":"2025-11-30T20:06:08","date_gmt":"2025-11-30T23:06:08","guid":{"rendered":"https:\/\/derecho.face.ubiobio.cl\/?page_id=680"},"modified":"2026-01-06T15:18:00","modified_gmt":"2026-01-06T18:18:00","slug":"vinculacion-con-el-medio","status":"publish","type":"page","link":"https:\/\/derecho.face.ubiobio.cl\/?page_id=680","title":{"rendered":"Vinculaci\u00f3n con el Medio"},"content":{"rendered":"\t\t<div data-elementor-type=\"wp-page\" data-elementor-id=\"680\" class=\"elementor elementor-680\" data-elementor-post-type=\"page\">\n\t\t\t\t<div data-particle_enable=\"false\" data-particle-mobile-disabled=\"false\" class=\"elementor-element elementor-element-6538db0 e-flex e-con-boxed e-con e-parent\" data-id=\"6538db0\" data-element_type=\"container\" data-settings=\"{&quot;background_background&quot;:&quot;classic&quot;}\">\n\t\t\t\t\t<div class=\"e-con-inner\">\n\t\t\t\t<div class=\"elementor-element elementor-element-a4dd8d5 elementor-invisible elementor-widget elementor-widget-heading\" data-id=\"a4dd8d5\" data-element_type=\"widget\" data-settings=\"{&quot;_animation&quot;:&quot;fadeInRight&quot;}\" data-widget_type=\"heading.default\">\n\t\t\t\t\t<h2 class=\"elementor-heading-title elementor-size-default\">Vinculaci\u00f3n con el medio<\/h2>\t\t\t\t<\/div>\n\t\t\t\t\t<\/div>\n\t\t\t\t<\/div>\n\t\t<div data-particle_enable=\"false\" data-particle-mobile-disabled=\"false\" class=\"elementor-element elementor-element-34509e2 e-flex e-con-boxed e-con e-parent\" data-id=\"34509e2\" data-element_type=\"container\">\n\t\t\t\t\t<div class=\"e-con-inner\">\n\t\t\t\t<div class=\"elementor-element elementor-element-b6e6d20 elementor-widget elementor-widget-eael-breadcrumbs\" data-id=\"b6e6d20\" data-element_type=\"widget\" data-widget_type=\"eael-breadcrumbs.default\">\n\t\t\t\t<div class=\"elementor-widget-container\">\n\t\t\t\t\t\t\t<div class=\"eael-breadcrumbs\">\n\t\t\t<div class=\"eael-breadcrumbs__content\"><a href=\"https:\/\/derecho.face.ubiobio.cl\">Inicio<\/a> <span class=\"eael-breadcrumb-separator\">\/<\/span> <span class = \"eael-current\">P\u00e1gina<\/span><\/div>\t\t<\/div>\n\t\t\t\t\t\t<\/div>\n\t\t\t\t<\/div>\n\t\t\t\t<div class=\"elementor-element elementor-element-caa9549 elementor-widget-divider--view-line elementor-widget elementor-widget-divider\" data-id=\"caa9549\" data-element_type=\"widget\" data-widget_type=\"divider.default\">\n\t\t\t\t\t\t\t<div class=\"elementor-divider\">\n\t\t\t<span class=\"elementor-divider-separator\">\n\t\t\t\t\t\t<\/span>\n\t\t<\/div>\n\t\t\t\t\t\t<\/div>\n\t\t\t\t\t<\/div>\n\t\t\t\t<\/div>\n\t\t<div data-particle_enable=\"false\" data-particle-mobile-disabled=\"false\" class=\"elementor-element elementor-element-a4f951d e-flex e-con-boxed e-con e-parent\" data-id=\"a4f951d\" data-element_type=\"container\">\n\t\t\t\t\t<div class=\"e-con-inner\">\n\t\t\t\t<div class=\"elementor-element elementor-element-5fad7dd elementor-widget elementor-widget-text-editor\" data-id=\"5fad7dd\" data-element_type=\"widget\" id=\"vactividades\" data-widget_type=\"text-editor.default\">\n\t\t\t\t\t\t\t\t\t<p class=\"text-sm md:text-base text-slate-700\" data-source-pos=\"31:12-33:16\" data-source-name=\"p\">La vinculaci\u00f3n con el medio es una funci\u00f3n esencial de la Universidad del B\u00edo- B\u00edo, se\u00f1alada en su misi\u00f3n y visi\u00f3n institucional que expresan el compromiso p\u00fablico de la Universidad por aportar, a trav\u00e9s de su quehacer, al desarrollo de la regi\u00f3n y el pa\u00eds. La pol\u00edtica otorga directrices para orientar la vinculaci\u00f3n con el medio, entendida como un sistema integrado de relaciones transdisciplinares entre la Universidad y su entorno significativo, con \u00e9nfasis en aquellas relaciones que resultan en la construcci\u00f3n compartida de propuestas de transformaci\u00f3n y desarrollo, de mutuo beneficio para los actores internos y externos involucrados. La pol\u00edtica pretende fortalecer, por un lado, los procesos de docencia, investigaci\u00f3n, extensi\u00f3n y comunicaci\u00f3n, y por otro lado, contribuir al desarrollo del entorno significativo de la Universidad.<\/p>\t\t\t\t\t\t\t\t<\/div>\n\t\t\t\t\t<\/div>\n\t\t\t\t<\/div>\n\t\t<div data-particle_enable=\"false\" data-particle-mobile-disabled=\"false\" class=\"elementor-element elementor-element-78a5477 e-flex e-con-boxed e-con e-parent\" data-id=\"78a5477\" data-element_type=\"container\">\n\t\t\t\t\t<div class=\"e-con-inner\">\n\t\t<div data-particle_enable=\"false\" data-particle-mobile-disabled=\"false\" class=\"elementor-element elementor-element-de46702 e-con-full e-flex e-con e-child\" data-id=\"de46702\" data-element_type=\"container\">\n\t\t\t\t<div class=\"elementor-element elementor-element-0773241 elementor-widget elementor-widget-video\" data-id=\"0773241\" data-element_type=\"widget\" data-settings=\"{&quot;youtube_url&quot;:&quot;https:\\\/\\\/youtu.be\\\/7mxpi_ASgZw&quot;,&quot;video_type&quot;:&quot;youtube&quot;,&quot;controls&quot;:&quot;yes&quot;}\" data-widget_type=\"video.default\">\n\t\t\t\t\t\t\t<div class=\"elementor-wrapper elementor-open-inline\">\n\t\t\t<div class=\"elementor-video\"><\/div>\t\t<\/div>\n\t\t\t\t\t\t<\/div>\n\t\t\t\t<\/div>\n\t\t\t\t\t<\/div>\n\t\t\t\t<\/div>\n\t\t<div data-particle_enable=\"false\" data-particle-mobile-disabled=\"false\" class=\"elementor-element elementor-element-ad13566 e-flex e-con-boxed e-con e-parent\" data-id=\"ad13566\" data-element_type=\"container\" data-settings=\"{&quot;background_background&quot;:&quot;classic&quot;}\">\n\t\t\t\t\t<div class=\"e-con-inner\">\n\t\t\t\t<div class=\"elementor-element elementor-element-4b32a12 elementor-widget elementor-widget-heading\" data-id=\"4b32a12\" data-element_type=\"widget\" data-widget_type=\"heading.default\">\n\t\t\t\t\t<h2 class=\"elementor-heading-title elementor-size-default\">NOVEDADES #Vinculaci\u00f3nUBB<\/h2>\t\t\t\t<\/div>\n\t\t\t\t\t<\/div>\n\t\t\t\t<\/div>\n\t\t<div data-particle_enable=\"false\" data-particle-mobile-disabled=\"false\" class=\"elementor-element elementor-element-d709068 e-flex e-con-boxed e-con e-parent\" data-id=\"d709068\" data-element_type=\"container\" data-settings=\"{&quot;background_background&quot;:&quot;classic&quot;}\">\n\t\t\t\t\t<div class=\"e-con-inner\">\n\t\t\t\t<div class=\"elementor-element elementor-element-75cd791 elementor-grid-4 elementor-grid-tablet-2 elementor-grid-mobile-1 elementor-posts--thumbnail-top elementor-card-shadow-yes elementor-posts__hover-gradient elementor-widget elementor-widget-posts\" data-id=\"75cd791\" data-element_type=\"widget\" data-settings=\"{&quot;cards_columns&quot;:&quot;4&quot;,&quot;cards_columns_tablet&quot;:&quot;2&quot;,&quot;cards_columns_mobile&quot;:&quot;1&quot;,&quot;cards_row_gap&quot;:{&quot;unit&quot;:&quot;px&quot;,&quot;size&quot;:35,&quot;sizes&quot;:[]},&quot;cards_row_gap_tablet&quot;:{&quot;unit&quot;:&quot;px&quot;,&quot;size&quot;:&quot;&quot;,&quot;sizes&quot;:[]},&quot;cards_row_gap_mobile&quot;:{&quot;unit&quot;:&quot;px&quot;,&quot;size&quot;:&quot;&quot;,&quot;sizes&quot;:[]}}\" data-widget_type=\"posts.cards\">\n\t\t\t\t<div class=\"elementor-widget-container\">\n\t\t\t\t\t\t\t<div class=\"elementor-posts-container elementor-posts elementor-posts--skin-cards elementor-grid\" role=\"list\">\n\t\t\t\t<article class=\"elementor-post elementor-grid-item post-217 post type-post status-publish format-standard has-post-thumbnail hentry category-noticias-de-interes\" role=\"listitem\">\n\t\t\t<div class=\"elementor-post__card\">\n\t\t\t\t<a class=\"elementor-post__thumbnail__link\" href=\"https:\/\/derecho.face.ubiobio.cl\/?p=217\" tabindex=\"-1\" ><div class=\"elementor-post__thumbnail\"><img fetchpriority=\"high\" decoding=\"async\" width=\"300\" height=\"171\" src=\"https:\/\/derecho.face.ubiobio.cl\/wp-content\/uploads\/2025\/11\/DSC_4071-1099x625-1-300x171.jpg\" class=\"attachment-medium size-medium wp-image-223\" alt=\"\" srcset=\"https:\/\/derecho.face.ubiobio.cl\/wp-content\/uploads\/2025\/11\/DSC_4071-1099x625-1-300x171.jpg 300w, https:\/\/derecho.face.ubiobio.cl\/wp-content\/uploads\/2025\/11\/DSC_4071-1099x625-1-1024x582.jpg 1024w, https:\/\/derecho.face.ubiobio.cl\/wp-content\/uploads\/2025\/11\/DSC_4071-1099x625-1-768x437.jpg 768w, https:\/\/derecho.face.ubiobio.cl\/wp-content\/uploads\/2025\/11\/DSC_4071-1099x625-1.jpg 1099w\" sizes=\"(max-width: 300px) 100vw, 300px\" \/><\/div><\/a>\n\t\t\t\t<div class=\"elementor-post__badge\">Noticias de Inter\u00e9s<\/div>\n\t\t\t\t<div class=\"elementor-post__text\">\n\t\t\t\t<h3 class=\"elementor-post__title\">\n\t\t\t<a href=\"https:\/\/derecho.face.ubiobio.cl\/?p=217\" >\n\t\t\t\tUBB y Colegio de Abogados formalizan convenio de cooperaci\u00f3n para el desarrollo profesional y disciplinar\t\t\t<\/a>\n\t\t<\/h3>\n\t\t\t\t\t<div class=\"elementor-post__read-more-wrapper\">\n\t\t\n\t\t<a class=\"elementor-post__read-more\" href=\"https:\/\/derecho.face.ubiobio.cl\/?p=217\" aria-label=\"M\u00e1s informaci\u00f3n sobre UBB y Colegio de Abogados formalizan convenio de cooperaci\u00f3n para el desarrollo profesional y disciplinar\" tabindex=\"-1\" >\n\t\t\tLeer m\u00e1s \u00bb\t\t<\/a>\n\n\t\t\t\t\t<\/div>\n\t\t\t\t<\/div>\n\t\t\t\t<div class=\"elementor-post__meta-data\">\n\t\t\t\t\t<span class=\"elementor-post-date\">\n\t\t\t17 noviembre, 2025\t\t<\/span>\n\t\t\t\t<span class=\"elementor-post-avatar\">\n\t\t\tNo hay comentarios\t\t<\/span>\n\t\t\t\t<\/div>\n\t\t\t\t\t<\/div>\n\t\t<\/article>\n\t\t\t\t<article class=\"elementor-post elementor-grid-item post-231 post type-post status-publish format-standard has-post-thumbnail hentry category-noticias-de-interes\" role=\"listitem\">\n\t\t\t<div class=\"elementor-post__card\">\n\t\t\t\t<a class=\"elementor-post__thumbnail__link\" href=\"https:\/\/derecho.face.ubiobio.cl\/?p=231\" tabindex=\"-1\" ><div class=\"elementor-post__thumbnail\"><img decoding=\"async\" width=\"242\" height=\"300\" src=\"https:\/\/derecho.face.ubiobio.cl\/wp-content\/uploads\/2025\/11\/Captura-de-pantalla-2025-11-25-a-las-11.37.04-p.-m-242x300.png\" class=\"attachment-medium size-medium wp-image-232\" alt=\"\" srcset=\"https:\/\/derecho.face.ubiobio.cl\/wp-content\/uploads\/2025\/11\/Captura-de-pantalla-2025-11-25-a-las-11.37.04-p.-m-242x300.png 242w, https:\/\/derecho.face.ubiobio.cl\/wp-content\/uploads\/2025\/11\/Captura-de-pantalla-2025-11-25-a-las-11.37.04-p.-m-827x1024.png 827w, https:\/\/derecho.face.ubiobio.cl\/wp-content\/uploads\/2025\/11\/Captura-de-pantalla-2025-11-25-a-las-11.37.04-p.-m-768x951.png 768w, https:\/\/derecho.face.ubiobio.cl\/wp-content\/uploads\/2025\/11\/Captura-de-pantalla-2025-11-25-a-las-11.37.04-p.-m-1240x1536.png 1240w, https:\/\/derecho.face.ubiobio.cl\/wp-content\/uploads\/2025\/11\/Captura-de-pantalla-2025-11-25-a-las-11.37.04-p.-m.png 1326w\" sizes=\"(max-width: 242px) 100vw, 242px\" \/><\/div><\/a>\n\t\t\t\t<div class=\"elementor-post__badge\">Noticias de Inter\u00e9s<\/div>\n\t\t\t\t<div class=\"elementor-post__text\">\n\t\t\t\t<h3 class=\"elementor-post__title\">\n\t\t\t<a href=\"https:\/\/derecho.face.ubiobio.cl\/?p=231\" >\n\t\t\t\tAcad\u00e9mica Valentina Rieseco obtiene el grado de Doctora en Derecho en la University of Edinburgh\t\t\t<\/a>\n\t\t<\/h3>\n\t\t\t\t\t<div class=\"elementor-post__read-more-wrapper\">\n\t\t\n\t\t<a class=\"elementor-post__read-more\" href=\"https:\/\/derecho.face.ubiobio.cl\/?p=231\" aria-label=\"M\u00e1s informaci\u00f3n sobre Acad\u00e9mica Valentina Rieseco obtiene el grado de Doctora en Derecho en la University of Edinburgh\" tabindex=\"-1\" >\n\t\t\tLeer m\u00e1s \u00bb\t\t<\/a>\n\n\t\t\t\t\t<\/div>\n\t\t\t\t<\/div>\n\t\t\t\t<div class=\"elementor-post__meta-data\">\n\t\t\t\t\t<span class=\"elementor-post-date\">\n\t\t\t12 noviembre, 2025\t\t<\/span>\n\t\t\t\t<span class=\"elementor-post-avatar\">\n\t\t\tNo hay comentarios\t\t<\/span>\n\t\t\t\t<\/div>\n\t\t\t\t\t<\/div>\n\t\t<\/article>\n\t\t\t\t<article class=\"elementor-post elementor-grid-item post-271 post type-post status-publish format-standard has-post-thumbnail hentry category-noticias-de-interes\" role=\"listitem\">\n\t\t\t<div class=\"elementor-post__card\">\n\t\t\t\t<a class=\"elementor-post__thumbnail__link\" href=\"https:\/\/derecho.face.ubiobio.cl\/?p=271\" tabindex=\"-1\" ><div class=\"elementor-post__thumbnail\"><img decoding=\"async\" width=\"300\" height=\"200\" src=\"https:\/\/derecho.face.ubiobio.cl\/wp-content\/uploads\/2025\/11\/51651-300x200.jpg\" class=\"attachment-medium size-medium wp-image-272\" alt=\"\" srcset=\"https:\/\/derecho.face.ubiobio.cl\/wp-content\/uploads\/2025\/11\/51651-300x200.jpg 300w, https:\/\/derecho.face.ubiobio.cl\/wp-content\/uploads\/2025\/11\/51651-1024x683.jpg 1024w, https:\/\/derecho.face.ubiobio.cl\/wp-content\/uploads\/2025\/11\/51651-768x512.jpg 768w, https:\/\/derecho.face.ubiobio.cl\/wp-content\/uploads\/2025\/11\/51651.jpg 1080w\" sizes=\"(max-width: 300px) 100vw, 300px\" \/><\/div><\/a>\n\t\t\t\t<div class=\"elementor-post__badge\">Noticias de Inter\u00e9s<\/div>\n\t\t\t\t<div class=\"elementor-post__text\">\n\t\t\t\t<h3 class=\"elementor-post__title\">\n\t\t\t<a href=\"https:\/\/derecho.face.ubiobio.cl\/?p=271\" >\n\t\t\t\tInauguran espacios recientemente mejorados en la Facultad de Ciencias Empresariales UBB\t\t\t<\/a>\n\t\t<\/h3>\n\t\t\t\t\t<div class=\"elementor-post__read-more-wrapper\">\n\t\t\n\t\t<a class=\"elementor-post__read-more\" href=\"https:\/\/derecho.face.ubiobio.cl\/?p=271\" aria-label=\"M\u00e1s informaci\u00f3n sobre Inauguran espacios recientemente mejorados en la Facultad de Ciencias Empresariales UBB\" tabindex=\"-1\" >\n\t\t\tLeer m\u00e1s \u00bb\t\t<\/a>\n\n\t\t\t\t\t<\/div>\n\t\t\t\t<\/div>\n\t\t\t\t<div class=\"elementor-post__meta-data\">\n\t\t\t\t\t<span class=\"elementor-post-date\">\n\t\t\t10 noviembre, 2025\t\t<\/span>\n\t\t\t\t<span class=\"elementor-post-avatar\">\n\t\t\tNo hay comentarios\t\t<\/span>\n\t\t\t\t<\/div>\n\t\t\t\t\t<\/div>\n\t\t<\/article>\n\t\t\t\t<article class=\"elementor-post elementor-grid-item post-278 post type-post status-publish format-standard has-post-thumbnail hentry category-noticias-de-interes\" role=\"listitem\">\n\t\t\t<div class=\"elementor-post__card\">\n\t\t\t\t<a class=\"elementor-post__thumbnail__link\" href=\"https:\/\/derecho.face.ubiobio.cl\/?p=278\" tabindex=\"-1\" ><div class=\"elementor-post__thumbnail\"><img loading=\"lazy\" decoding=\"async\" width=\"241\" height=\"300\" src=\"https:\/\/derecho.face.ubiobio.cl\/wp-content\/uploads\/2025\/11\/\ud835\uddd6\ud835\ude02\ud835\uddf2\ud835\uddfb\ud835\ude01\ud835\uddee-\ud835\udde3u\u0301\ud835\uddef\ud835\uddf9\ud835\uddf6\ud835\uddf0\ud835\uddee-\ud835\uddd9\ud835\uddd4\ud835\uddd6\ud835\uddd8-\ud835\udfee\ud835\udfec\ud835\udfee\ud835\udff1-\ud835\uddd6\ud835\uddee\ud835\uddfa\ud835\uddfd\ud835\ude02\ud835\ude00-\ud835\uddd6\ud835\uddfc\ud835\uddfb\ud835\uddf0\ud835\uddf2\ud835\uddfd\ud835\uddf0\ud835\uddf6\ud835\uddfc\u0301\ud835\uddfbDesde-el-Aula-M-19-241x300.jpg\" class=\"attachment-medium size-medium wp-image-280\" alt=\"\" srcset=\"https:\/\/derecho.face.ubiobio.cl\/wp-content\/uploads\/2025\/11\/\ud835\uddd6\ud835\ude02\ud835\uddf2\ud835\uddfb\ud835\ude01\ud835\uddee-\ud835\udde3u\u0301\ud835\uddef\ud835\uddf9\ud835\uddf6\ud835\uddf0\ud835\uddee-\ud835\uddd9\ud835\uddd4\ud835\uddd6\ud835\uddd8-\ud835\udfee\ud835\udfec\ud835\udfee\ud835\udff1-\ud835\uddd6\ud835\uddee\ud835\uddfa\ud835\uddfd\ud835\ude02\ud835\ude00-\ud835\uddd6\ud835\uddfc\ud835\uddfb\ud835\uddf0\ud835\uddf2\ud835\uddfd\ud835\uddf0\ud835\uddf6\ud835\uddfc\u0301\ud835\uddfbDesde-el-Aula-M-19-241x300.jpg 241w, https:\/\/derecho.face.ubiobio.cl\/wp-content\/uploads\/2025\/11\/\ud835\uddd6\ud835\ude02\ud835\uddf2\ud835\uddfb\ud835\ude01\ud835\uddee-\ud835\udde3u\u0301\ud835\uddef\ud835\uddf9\ud835\uddf6\ud835\uddf0\ud835\uddee-\ud835\uddd9\ud835\uddd4\ud835\uddd6\ud835\uddd8-\ud835\udfee\ud835\udfec\ud835\udfee\ud835\udff1-\ud835\uddd6\ud835\uddee\ud835\uddfa\ud835\uddfd\ud835\ude02\ud835\ude00-\ud835\uddd6\ud835\uddfc\ud835\uddfb\ud835\uddf0\ud835\uddf2\ud835\uddfd\ud835\uddf0\ud835\uddf6\ud835\uddfc\u0301\ud835\uddfbDesde-el-Aula-M-19-822x1024.jpg 822w, https:\/\/derecho.face.ubiobio.cl\/wp-content\/uploads\/2025\/11\/\ud835\uddd6\ud835\ude02\ud835\uddf2\ud835\uddfb\ud835\ude01\ud835\uddee-\ud835\udde3u\u0301\ud835\uddef\ud835\uddf9\ud835\uddf6\ud835\uddf0\ud835\uddee-\ud835\uddd9\ud835\uddd4\ud835\uddd6\ud835\uddd8-\ud835\udfee\ud835\udfec\ud835\udfee\ud835\udff1-\ud835\uddd6\ud835\uddee\ud835\uddfa\ud835\uddfd\ud835\ude02\ud835\ude00-\ud835\uddd6\ud835\uddfc\ud835\uddfb\ud835\uddf0\ud835\uddf2\ud835\uddfd\ud835\uddf0\ud835\uddf6\ud835\uddfc\u0301\ud835\uddfbDesde-el-Aula-M-19-768x957.jpg 768w, https:\/\/derecho.face.ubiobio.cl\/wp-content\/uploads\/2025\/11\/\ud835\uddd6\ud835\ude02\ud835\uddf2\ud835\uddfb\ud835\ude01\ud835\uddee-\ud835\udde3u\u0301\ud835\uddef\ud835\uddf9\ud835\uddf6\ud835\uddf0\ud835\uddee-\ud835\uddd9\ud835\uddd4\ud835\uddd6\ud835\uddd8-\ud835\udfee\ud835\udfec\ud835\udfee\ud835\udff1-\ud835\uddd6\ud835\uddee\ud835\uddfa\ud835\uddfd\ud835\ude02\ud835\ude00-\ud835\uddd6\ud835\uddfc\ud835\uddfb\ud835\uddf0\ud835\uddf2\ud835\uddfd\ud835\uddf0\ud835\uddf6\ud835\uddfc\u0301\ud835\uddfbDesde-el-Aula-M-19.jpg 1080w\" sizes=\"(max-width: 241px) 100vw, 241px\" \/><\/div><\/a>\n\t\t\t\t<div class=\"elementor-post__badge\">Noticias de Inter\u00e9s<\/div>\n\t\t\t\t<div class=\"elementor-post__text\">\n\t\t\t\t<h3 class=\"elementor-post__title\">\n\t\t\t<a href=\"https:\/\/derecho.face.ubiobio.cl\/?p=278\" >\n\t\t\t\t\ud835\uddd6\ud835\ude02\ud835\uddf2\ud835\uddfb\ud835\ude01\ud835\uddee \ud835\udde3\u00fa\ud835\uddef\ud835\uddf9\ud835\uddf6\ud835\uddf0\ud835\uddee \ud835\uddd9\ud835\uddd4\ud835\uddd6\ud835\uddd8 \ud835\udfee\ud835\udfec\ud835\udfee\ud835\udff1 | \ud835\uddd6\ud835\uddee\ud835\uddfa\ud835\uddfd\ud835\ude02\ud835\ude00 \ud835\uddd6\ud835\uddfc\ud835\uddfb\ud835\uddf0\ud835\uddf2\ud835\uddfd\ud835\uddf0\ud835\uddf6\ud835\uddfc\u0301\ud835\uddfb\t\t\t<\/a>\n\t\t<\/h3>\n\t\t\t\t\t<div class=\"elementor-post__read-more-wrapper\">\n\t\t\n\t\t<a class=\"elementor-post__read-more\" href=\"https:\/\/derecho.face.ubiobio.cl\/?p=278\" aria-label=\"M\u00e1s informaci\u00f3n sobre \ud835\uddd6\ud835\ude02\ud835\uddf2\ud835\uddfb\ud835\ude01\ud835\uddee \ud835\udde3\u00fa\ud835\uddef\ud835\uddf9\ud835\uddf6\ud835\uddf0\ud835\uddee \ud835\uddd9\ud835\uddd4\ud835\uddd6\ud835\uddd8 \ud835\udfee\ud835\udfec\ud835\udfee\ud835\udff1 | \ud835\uddd6\ud835\uddee\ud835\uddfa\ud835\uddfd\ud835\ude02\ud835\ude00 \ud835\uddd6\ud835\uddfc\ud835\uddfb\ud835\uddf0\ud835\uddf2\ud835\uddfd\ud835\uddf0\ud835\uddf6\ud835\uddfc\u0301\ud835\uddfb\" tabindex=\"-1\" >\n\t\t\tLeer m\u00e1s \u00bb\t\t<\/a>\n\n\t\t\t\t\t<\/div>\n\t\t\t\t<\/div>\n\t\t\t\t<div class=\"elementor-post__meta-data\">\n\t\t\t\t\t<span class=\"elementor-post-date\">\n\t\t\t5 noviembre, 2025\t\t<\/span>\n\t\t\t\t<span class=\"elementor-post-avatar\">\n\t\t\tNo hay comentarios\t\t<\/span>\n\t\t\t\t<\/div>\n\t\t\t\t\t<\/div>\n\t\t<\/article>\n\t\t\t\t<\/div>\n\t\t\n\t\t\t\t\t\t<\/div>\n\t\t\t\t<\/div>\n\t\t\t\t\t<\/div>\n\t\t\t\t<\/div>\n\t\t<div data-particle_enable=\"false\" data-particle-mobile-disabled=\"false\" class=\"elementor-element elementor-element-1131521 e-flex e-con-boxed e-con e-parent\" data-id=\"1131521\" data-element_type=\"container\">\n\t\t\t\t\t<div class=\"e-con-inner\">\n\t\t\t\t<div class=\"elementor-element elementor-element-916d06f elementor-widget elementor-widget-heading\" data-id=\"916d06f\" data-element_type=\"widget\" id=\"vconvenios\" data-widget_type=\"heading.default\">\n\t\t\t\t\t<h2 class=\"elementor-heading-title elementor-size-default\">Convenios de Colaboraci\u00f3n<\/h2>\t\t\t\t<\/div>\n\t\t\t\t\t<\/div>\n\t\t\t\t<\/div>\n\t\t<div data-particle_enable=\"false\" data-particle-mobile-disabled=\"false\" class=\"elementor-element elementor-element-bd8ffed e-flex e-con-boxed e-con e-parent\" data-id=\"bd8ffed\" data-element_type=\"container\">\n\t\t\t\t\t<div class=\"e-con-inner\">\n\t\t\t\t<div class=\"elementor-element elementor-element-0452af4 elementor-widget elementor-widget-heading\" data-id=\"0452af4\" data-element_type=\"widget\" data-widget_type=\"heading.default\">\n\t\t\t\t\t<h2 class=\"elementor-heading-title elementor-size-default\">COLEGIO DE ABOGADOS DE CHILE REGIONAL CONCEPCI\u00d3N A.G.<\/h2>\t\t\t\t<\/div>\n\t\t\t\t<div class=\"elementor-element elementor-element-c0b9828 elementor-widget-divider--view-line elementor-widget elementor-widget-divider\" data-id=\"c0b9828\" data-element_type=\"widget\" data-widget_type=\"divider.default\">\n\t\t\t\t\t\t\t<div class=\"elementor-divider\">\n\t\t\t<span class=\"elementor-divider-separator\">\n\t\t\t\t\t\t<\/span>\n\t\t<\/div>\n\t\t\t\t\t\t<\/div>\n\t\t\t\t<div class=\"elementor-element elementor-element-c4cea23 elementor-widget elementor-widget-text-editor\" data-id=\"c4cea23\" data-element_type=\"widget\" data-widget_type=\"text-editor.default\">\n\t\t\t\t\t\t\t\t\t<p data-path-to-node=\"4\"><span data-path-to-node=\"4,0\"><b><span class=\"citation-83\">Suscrito el 17 de Julio del 2025<\/span><\/b> <\/span><\/p><div class=\"source-inline-chip-container ng-star-inserted\">\u00a0<\/div><p data-path-to-node=\"5\"><span data-path-to-node=\"5,1\"><span class=\"citation-82\">Ambas partes acuerdan promover el dise\u00f1o y dictaci\u00f3n conjunta de programas de postgrado, cursos y diplomados que respondan a intereses comunes<\/span><\/span><span data-path-to-node=\"5,3\">. <\/span><span data-path-to-node=\"5,5\"><span class=\"citation-81\">Esto incluye desarrollar actividades de investigaci\u00f3n, seminarios y extensi\u00f3n, canalizadas principalmente a trav\u00e9s de la <\/span><b><span class=\"citation-81\">Escuela de Derecho<\/span><\/b><\/span><span data-path-to-node=\"5,7\">. <\/span><span data-path-to-node=\"5,9\"><span class=\"citation-80\">Asimismo, trabajar\u00e1n en la vinculaci\u00f3n profesional mediante charlas formativas orientadas a la <\/span><b><span class=\"citation-80\">\u00c9tica Profesional<\/span><\/b><span class=\"citation-80\"> y el uso compartido de instalaciones para iniciativas acad\u00e9micas.<\/span><\/span><\/p>\t\t\t\t\t\t\t\t<\/div>\n\t\t\t\t<div class=\"elementor-element elementor-element-a1258d0 elementor-widget elementor-widget-button\" data-id=\"a1258d0\" data-element_type=\"widget\" data-widget_type=\"button.default\">\n\t\t\t\t\t\t\t\t\t\t<a class=\"elementor-button elementor-button-link elementor-size-sm\" href=\"#\">\n\t\t\t\t\t\t<span class=\"elementor-button-content-wrapper\">\n\t\t\t\t\t\t<span class=\"elementor-button-icon\">\n\t\t\t\t<svg aria-hidden=\"true\" class=\"e-font-icon-svg e-fas-file-pdf\" viewBox=\"0 0 384 512\" xmlns=\"http:\/\/www.w3.org\/2000\/svg\"><path d=\"M181.9 256.1c-5-16-4.9-46.9-2-46.9 8.4 0 7.6 36.9 2 46.9zm-1.7 47.2c-7.7 20.2-17.3 43.3-28.4 62.7 18.3-7 39-17.2 62.9-21.9-12.7-9.6-24.9-23.4-34.5-40.8zM86.1 428.1c0 .8 13.2-5.4 34.9-40.2-6.7 6.3-29.1 24.5-34.9 40.2zM248 160h136v328c0 13.3-10.7 24-24 24H24c-13.3 0-24-10.7-24-24V24C0 10.7 10.7 0 24 0h200v136c0 13.2 10.8 24 24 24zm-8 171.8c-20-12.2-33.3-29-42.7-53.8 4.5-18.5 11.6-46.6 6.2-64.2-4.7-29.4-42.4-26.5-47.8-6.8-5 18.3-.4 44.1 8.1 77-11.6 27.6-28.7 64.6-40.8 85.8-.1 0-.1.1-.2.1-27.1 13.9-73.6 44.5-54.5 68 5.6 6.9 16 10 21.5 10 17.9 0 35.7-18 61.1-61.8 25.8-8.5 54.1-19.1 79-23.2 21.7 11.8 47.1 19.5 64 19.5 29.2 0 31.2-32 19.7-43.4-13.9-13.6-54.3-9.7-73.6-7.2zM377 105L279 7c-4.5-4.5-10.6-7-17-7h-6v128h128v-6.1c0-6.3-2.5-12.4-7-16.9zm-74.1 255.3c4.1-2.7-2.5-11.9-42.8-9 37.1 15.8 42.8 9 42.8 9z\"><\/path><\/svg>\t\t\t<\/span>\n\t\t\t\t\t\t\t\t\t<span class=\"elementor-button-text\">Descargar Convenio<\/span>\n\t\t\t\t\t<\/span>\n\t\t\t\t\t<\/a>\n\t\t\t\t\t\t\t\t<\/div>\n\t\t\t\t<div class=\"elementor-element elementor-element-cf380b6 elementor-widget elementor-widget-image\" data-id=\"cf380b6\" data-element_type=\"widget\" data-widget_type=\"image.default\">\n\t\t\t\t\t\t\t\t\t\t\t\t\t\t\t<img loading=\"lazy\" decoding=\"async\" width=\"800\" height=\"805\" src=\"https:\/\/derecho.face.ubiobio.cl\/wp-content\/uploads\/2025\/12\/colegiodeabogados.png\" class=\"attachment-large size-large wp-image-835\" alt=\"\" srcset=\"https:\/\/derecho.face.ubiobio.cl\/wp-content\/uploads\/2025\/12\/colegiodeabogados.png 918w, https:\/\/derecho.face.ubiobio.cl\/wp-content\/uploads\/2025\/12\/colegiodeabogados-298x300.png 298w, https:\/\/derecho.face.ubiobio.cl\/wp-content\/uploads\/2025\/12\/colegiodeabogados-150x150.png 150w, https:\/\/derecho.face.ubiobio.cl\/wp-content\/uploads\/2025\/12\/colegiodeabogados-768x773.png 768w\" sizes=\"(max-width: 800px) 100vw, 800px\" \/>\t\t\t\t\t\t\t\t\t\t\t\t\t\t\t<\/div>\n\t\t\t\t\t<\/div>\n\t\t\t\t<\/div>\n\t\t<div data-particle_enable=\"false\" data-particle-mobile-disabled=\"false\" class=\"elementor-element elementor-element-9df8775 e-flex e-con-boxed e-con e-parent\" data-id=\"9df8775\" data-element_type=\"container\">\n\t\t\t\t\t<div class=\"e-con-inner\">\n\t\t\t\t<div class=\"elementor-element elementor-element-061f3ae elementor-widget elementor-widget-heading\" data-id=\"061f3ae\" data-element_type=\"widget\" data-widget_type=\"heading.default\">\n\t\t\t\t\t<h2 class=\"elementor-heading-title elementor-size-default\">SOCIEDAD EXTRACTO LEGAL LIMITADA<\/h2>\t\t\t\t<\/div>\n\t\t\t\t<div class=\"elementor-element elementor-element-83d8263 elementor-widget-divider--view-line elementor-widget elementor-widget-divider\" data-id=\"83d8263\" data-element_type=\"widget\" data-widget_type=\"divider.default\">\n\t\t\t\t\t\t\t<div class=\"elementor-divider\">\n\t\t\t<span class=\"elementor-divider-separator\">\n\t\t\t\t\t\t<\/span>\n\t\t<\/div>\n\t\t\t\t\t\t<\/div>\n\t\t\t\t<div class=\"elementor-element elementor-element-9bafc23 elementor-widget elementor-widget-text-editor\" data-id=\"9bafc23\" data-element_type=\"widget\" data-widget_type=\"text-editor.default\">\n\t\t\t\t\t\t\t\t\t<p data-path-to-node=\"3\"><span data-path-to-node=\"3,0\"><b><span class=\"citation-95\">Suscrito el 10 de Julio del 2025<\/span><\/b> <\/span><\/p><p data-path-to-node=\"4\"><span data-path-to-node=\"4,1\"><span class=\"citation-94\">El presente convenio tiene por objeto facilitar a los estudiantes de pregrado la publicaci\u00f3n <\/span><b><span class=\"citation-94\">gratuita<\/span><\/b><span class=\"citation-94\"> de extractos y avisos legales en la plataforma digital de la empresa, espec\u00edficamente en el marco de las actividades de la <\/span><b><span class=\"citation-94\">Cl\u00ednica Jur\u00eddica de la Universidad<\/span><\/b><\/span><span data-path-to-node=\"4,3\">. <\/span><span data-path-to-node=\"4,5\"><span class=\"citation-93\">Esta colaboraci\u00f3n abarca causas de <\/span><b><span class=\"citation-93\">Derecho Civil, Derecho de Familia y Derecho Laboral<\/span><\/b><\/span><span data-path-to-node=\"4,7\">.<\/span><\/p><p data-path-to-node=\"5\"><span data-path-to-node=\"5,1\"><span class=\"citation-92\">La iniciativa busca reducir los costos operativos de los procedimientos judiciales patrocinados por la Universidad, beneficiando directamente a personas en situaci\u00f3n de vulnerabilidad y fortaleciendo la formaci\u00f3n pr\u00e1ctica de los estudiantes mediante la gesti\u00f3n real de tr\u00e1mites legales<\/span><\/span><\/p>\t\t\t\t\t\t\t\t<\/div>\n\t\t\t\t<div class=\"elementor-element elementor-element-a5efc7b elementor-widget elementor-widget-button\" data-id=\"a5efc7b\" data-element_type=\"widget\" data-widget_type=\"button.default\">\n\t\t\t\t\t\t\t\t\t\t<a class=\"elementor-button elementor-button-link elementor-size-sm\" href=\"#\">\n\t\t\t\t\t\t<span class=\"elementor-button-content-wrapper\">\n\t\t\t\t\t\t<span class=\"elementor-button-icon\">\n\t\t\t\t<svg aria-hidden=\"true\" class=\"e-font-icon-svg e-fas-file-pdf\" viewBox=\"0 0 384 512\" xmlns=\"http:\/\/www.w3.org\/2000\/svg\"><path d=\"M181.9 256.1c-5-16-4.9-46.9-2-46.9 8.4 0 7.6 36.9 2 46.9zm-1.7 47.2c-7.7 20.2-17.3 43.3-28.4 62.7 18.3-7 39-17.2 62.9-21.9-12.7-9.6-24.9-23.4-34.5-40.8zM86.1 428.1c0 .8 13.2-5.4 34.9-40.2-6.7 6.3-29.1 24.5-34.9 40.2zM248 160h136v328c0 13.3-10.7 24-24 24H24c-13.3 0-24-10.7-24-24V24C0 10.7 10.7 0 24 0h200v136c0 13.2 10.8 24 24 24zm-8 171.8c-20-12.2-33.3-29-42.7-53.8 4.5-18.5 11.6-46.6 6.2-64.2-4.7-29.4-42.4-26.5-47.8-6.8-5 18.3-.4 44.1 8.1 77-11.6 27.6-28.7 64.6-40.8 85.8-.1 0-.1.1-.2.1-27.1 13.9-73.6 44.5-54.5 68 5.6 6.9 16 10 21.5 10 17.9 0 35.7-18 61.1-61.8 25.8-8.5 54.1-19.1 79-23.2 21.7 11.8 47.1 19.5 64 19.5 29.2 0 31.2-32 19.7-43.4-13.9-13.6-54.3-9.7-73.6-7.2zM377 105L279 7c-4.5-4.5-10.6-7-17-7h-6v128h128v-6.1c0-6.3-2.5-12.4-7-16.9zm-74.1 255.3c4.1-2.7-2.5-11.9-42.8-9 37.1 15.8 42.8 9 42.8 9z\"><\/path><\/svg>\t\t\t<\/span>\n\t\t\t\t\t\t\t\t\t<span class=\"elementor-button-text\">Descargar Convenio<\/span>\n\t\t\t\t\t<\/span>\n\t\t\t\t\t<\/a>\n\t\t\t\t\t\t\t\t<\/div>\n\t\t\t\t<div class=\"elementor-element elementor-element-28cb2e6 elementor-widget elementor-widget-image\" data-id=\"28cb2e6\" data-element_type=\"widget\" data-widget_type=\"image.default\">\n\t\t\t\t\t\t\t\t\t\t\t\t\t\t\t<img loading=\"lazy\" decoding=\"async\" width=\"800\" height=\"552\" src=\"https:\/\/derecho.face.ubiobio.cl\/wp-content\/uploads\/2025\/12\/s15-1024x707.png\" class=\"attachment-large size-large wp-image-840\" alt=\"\" srcset=\"https:\/\/derecho.face.ubiobio.cl\/wp-content\/uploads\/2025\/12\/s15-1024x707.png 1024w, https:\/\/derecho.face.ubiobio.cl\/wp-content\/uploads\/2025\/12\/s15-300x207.png 300w, https:\/\/derecho.face.ubiobio.cl\/wp-content\/uploads\/2025\/12\/s15-768x531.png 768w, https:\/\/derecho.face.ubiobio.cl\/wp-content\/uploads\/2025\/12\/s15.png 1475w\" sizes=\"(max-width: 800px) 100vw, 800px\" \/>\t\t\t\t\t\t\t\t\t\t\t\t\t\t\t<\/div>\n\t\t\t\t\t<\/div>\n\t\t\t\t<\/div>\n\t\t\t\t<\/div>\n\t\t","protected":false},"excerpt":{"rendered":"<p>Vinculaci\u00f3n con el medio Inicio \/ P\u00e1gina La vinculaci\u00f3n con el medio es una funci\u00f3n esencial de la Universidad del B\u00edo- B\u00edo, se\u00f1alada en su<\/p>\n","protected":false},"author":1,"featured_media":0,"parent":0,"menu_order":0,"comment_status":"closed","ping_status":"closed","template":"","meta":{"footnotes":""},"class_list":["post-680","page","type-page","status-publish","hentry"],"_links":{"self":[{"href":"https:\/\/derecho.face.ubiobio.cl\/index.php?rest_route=\/wp\/v2\/pages\/680","targetHints":{"allow":["GET"]}}],"collection":[{"href":"https:\/\/derecho.face.ubiobio.cl\/index.php?rest_route=\/wp\/v2\/pages"}],"about":[{"href":"https:\/\/derecho.face.ubiobio.cl\/index.php?rest_route=\/wp\/v2\/types\/page"}],"author":[{"embeddable":true,"href":"https:\/\/derecho.face.ubiobio.cl\/index.php?rest_route=\/wp\/v2\/users\/1"}],"replies":[{"embeddable":true,"href":"https:\/\/derecho.face.ubiobio.cl\/index.php?rest_route=%2Fwp%2Fv2%2Fcomments&post=680"}],"version-history":[{"count":43,"href":"https:\/\/derecho.face.ubiobio.cl\/index.php?rest_route=\/wp\/v2\/pages\/680\/revisions"}],"predecessor-version":[{"id":1444,"href":"https:\/\/derecho.face.ubiobio.cl\/index.php?rest_route=\/wp\/v2\/pages\/680\/revisions\/1444"}],"wp:attachment":[{"href":"https:\/\/derecho.face.ubiobio.cl\/index.php?rest_route=%2Fwp%2Fv2%2Fmedia&parent=680"}],"curies":[{"name":"wp","href":"https:\/\/api.w.org\/{rel}","templated":true}]}}